{"id":18196,"date":"2024-02-13T12:47:43","date_gmt":"2024-02-13T11:47:43","guid":{"rendered":"https:\/\/plenamedia.tv\/?post_type=filmproduktion&#038;p=18196"},"modified":"2024-05-23T10:55:11","modified_gmt":"2024-05-23T09:55:11","slug":"messe-und-kongressfilm","status":"publish","type":"filmproduktion","link":"https:\/\/plenamedia.tv\/fr\/filmproduktion\/messe-und-kongressfilm\/","title":{"rendered":"Film sur salon et congr\u00e8s"},"content":{"rendered":"<div id=\"pl-18196\"  class=\"panel-layout\" ><div id=\"pg-18196-0\"  class=\"panel-grid panel-has-style\" ><div class=\"panel-row-style panel-row-style-for-18196-0\" ><div id=\"pgc-18196-0-0\"  class=\"panel-grid-cell\" ><div id=\"panel-18196-0-0-0\" class=\"so-panel widget widget_cruddy-area-sow panel-first-child panel-last-child\" data-index=\"0\" ><div\n\t\t\t\n\t\t\tclass=\"so-widget-cruddy-area-sow so-widget-cruddy-area-sow-base\"\n\t\t\t\n\t\t>\r\n<div class=\"cruddy-area\">\r\n\t<div class=\"cruddy-area-content\" style=\"max-width: 1180px\">\r\n\t\t<div id=\"pl-w3a3702ff\"  class=\"panel-layout\" ><div id=\"pg-w3a3702ff-0\"  class=\"panel-grid panel-no-style\" ><div id=\"pgc-w3a3702ff-0-0\"  class=\"panel-grid-cell\" ><div id=\"panel-w3a3702ff-0-0-0\" class=\"so-panel widget widget_cruddy-youtube-playlist-sow panel-first-child panel-last-child\" data-index=\"0\" ><div class=\"panel-widget-style panel-widget-style-for-w3a3702ff-0-0-0\" ><div\n\t\t\t\n\t\t\tclass=\"so-widget-cruddy-youtube-playlist-sow so-widget-cruddy-youtube-playlist-sow-cruddy-video-d75171398898\"\n\t\t\t\n\t\t>\r\n<div class=\"cruddy-youtube-playlist\">\r\n\r\n<div class=\"cruddy-row\"><div class=\"cruddy-col\" style=\"width: 33.333333333333%;\"><div class='cruddy-video'><div class='video'><iframe data-clicksrc=\"https:\/\/youtube.com\/embed\/Wo5Oa7mvPmU?autoplay=1\" data-click-selector=\".poster\" title=\"ams.Solution AG - Kongress f\u00fcr Einzelfertiger in Frankfurt - der Kongressfilm zum Kongress\" allowfullscreen><\/iframe><div class=\"poster\" style=\"background-image: url(https:\/\/i.ytimg.com\/vi\/Wo5Oa7mvPmU\/0.jpg);\"><\/div><\/div><\/div><\/div><div class=\"cruddy-col\" style=\"width: 33.333333333333%;\"><div class='cruddy-video'><div class='video'><iframe data-clicksrc=\"https:\/\/youtube.com\/embed\/zfPNHvv39iI?autoplay=1\" data-click-selector=\".poster\" title=\"Messefilm Messe D\u00fcsseldorf 2022 - Messefilm K Messe 2022 - Der Weltmarktf\u00fchrer auf der K-Messe\" allowfullscreen><\/iframe><div class=\"poster\" style=\"background-image: url(https:\/\/i.ytimg.com\/vi\/zfPNHvv39iI\/0.jpg);\"><\/div><\/div><\/div><\/div><div class=\"cruddy-col\" style=\"width: 33.333333333333%;\"><div class='cruddy-video'><div class='video'><iframe data-clicksrc=\"https:\/\/youtube.com\/embed\/5ZSXe2dEdHE?autoplay=1\" data-click-selector=\".poster\" title=\"Messe N\u00fcrnberg  - Messefilm Fachpack 2022 \u2013 Ressourcen schonende Verpackungen vom Weltmarktf\u00fchrer\" allowfullscreen><\/iframe><div class=\"poster\" style=\"background-image: url(https:\/\/i.ytimg.com\/vi\/5ZSXe2dEdHE\/0.jpg);\"><\/div><\/div><\/div><\/div><\/div><div class=\"cruddy-row\"><div class=\"cruddy-col\" style=\"width: 33.333333333333%;\"><div class='cruddy-video'><div class='video'><iframe data-clicksrc=\"https:\/\/youtube.com\/embed\/54sLYJxFkEk?autoplay=1\" data-click-selector=\".poster\" title=\"Allgemeiner Messefilm Messe Essen \u2013 Messefilm InfraTech Messe 2022 \u2013 Der Film f\u00fcr Rotterdam Ahoy\" allowfullscreen><\/iframe><div class=\"poster\" style=\"background-image: url(https:\/\/i.ytimg.com\/vi\/54sLYJxFkEk\/0.jpg);\"><\/div><\/div><\/div><\/div><div class=\"cruddy-col\" style=\"width: 33.333333333333%;\"><div class='cruddy-video'><div class='video'><iframe data-clicksrc=\"https:\/\/youtube.com\/embed\/pNdOF4Rcp3w?autoplay=1\" data-click-selector=\".poster\" title=\"Messefilm Messe Essen \u2013 Messefilm InfraTech Messe 2022 \u2013 Der Film f\u00fcr Rotterdam Ahoy - Trailer Tag 1\" allowfullscreen><\/iframe><div class=\"poster\" style=\"background-image: url(https:\/\/i.ytimg.com\/vi\/pNdOF4Rcp3w\/0.jpg);\"><\/div><\/div><\/div><\/div><div class=\"cruddy-col\" style=\"width: 33.333333333333%;\"><div class='cruddy-video'><div class='video'><iframe data-clicksrc=\"https:\/\/youtube.com\/embed\/54OnE_CiBh4?autoplay=1\" data-click-selector=\".poster\" title=\"Messefilm Messe N\u00fcrnberg 2022 - Messefilm Fachpack 2022 - Der Verpackungsspezialist auf der Fachpack\" allowfullscreen><\/iframe><div class=\"poster\" style=\"background-image: url(https:\/\/i.ytimg.com\/vi\/54OnE_CiBh4\/0.jpg);\"><\/div><\/div><\/div><\/div><\/div><div class=\"cruddy-row\"><div class=\"cruddy-col\" style=\"width: 33.333333333333%;\"><div class='cruddy-video'><div class='video'><iframe data-clicksrc=\"https:\/\/youtube.com\/embed\/PEreVJV6mzI?autoplay=1\" data-click-selector=\".poster\" title=\"Messefilm Messe Stuttgart \u2013 Messefilm AMB Messe 2022 \u2013 Citizen auf der AMB Messe 2022 Stuttgart\" allowfullscreen><\/iframe><div class=\"poster\" style=\"background-image: url(https:\/\/i.ytimg.com\/vi\/PEreVJV6mzI\/0.jpg);\"><\/div><\/div><\/div><\/div><div class=\"cruddy-col\" style=\"width: 33.333333333333%;\"><div class='cruddy-video'><div class='video'><iframe data-clicksrc=\"https:\/\/youtube.com\/embed\/zOhoFP7EoN8?autoplay=1\" data-click-selector=\".poster\" title=\"Messefilm Messe N\u00fcrnberg 2022 - Messefilm Fachpack Messe 2022 - Der Branchenprimus auf der Fachpack\" allowfullscreen><\/iframe><div class=\"poster\" style=\"background-image: url(https:\/\/i.ytimg.com\/vi\/zOhoFP7EoN8\/0.jpg);\"><\/div><\/div><\/div><\/div><div class=\"cruddy-col\" style=\"width: 33.333333333333%;\"><div class='cruddy-video'><div class='video'><iframe data-clicksrc=\"https:\/\/youtube.com\/embed\/x_AbHd4Ts2w?autoplay=1\" data-click-selector=\".poster\" title=\"Messefilm Aluminium 2022 - Assan Al\u00fcminyum auf der Aluminium 2022 in D\u00fcsseldorf\" allowfullscreen><\/iframe><div class=\"poster\" style=\"background-image: url(https:\/\/i.ytimg.com\/vi\/x_AbHd4Ts2w\/0.jpg);\"><\/div><\/div><\/div><\/div><\/div><div class=\"cruddy-row\"><div class=\"cruddy-col\" style=\"width: 33.333333333333%;\"><div class='cruddy-video'><div class='video'><iframe data-clicksrc=\"https:\/\/youtube.com\/embed\/GI8HMdwrqRo?autoplay=1\" data-click-selector=\".poster\" title=\"Fendt-Caravan Wohnwagen 2023 - Absolute Neuheit: Der Apero - Messefilm Caravan Salon D\u00fcsseldorf 2022\" allowfullscreen><\/iframe><div class=\"poster\" style=\"background-image: url(https:\/\/i.ytimg.com\/vi\/GI8HMdwrqRo\/0.jpg);\"><\/div><\/div><\/div><\/div><div class=\"cruddy-col\" style=\"width: 33.333333333333%;\"><div class='cruddy-video'><div class='video'><iframe data-clicksrc=\"https:\/\/youtube.com\/embed\/WKyWtxMghoc?autoplay=1\" data-click-selector=\".poster\" title=\"Pumpen Neuheiten 2022 auf der Achema 2022 - Messefilm Achema 2022 Frankfurt\" allowfullscreen><\/iframe><div class=\"poster\" style=\"background-image: url(https:\/\/i.ytimg.com\/vi\/WKyWtxMghoc\/0.jpg);\"><\/div><\/div><\/div><\/div><div class=\"cruddy-col\" style=\"width: 33.333333333333%;\"><div class='cruddy-video'><div class='video'><iframe data-clicksrc=\"https:\/\/youtube.com\/embed\/E-Ncp3682zE?autoplay=1\" data-click-selector=\".poster\" title=\"EJ Deutschland auf der InfraTech-individuelle Schacht- und Kanalabdeckungen-Messefilm InfraTech 2022\" allowfullscreen><\/iframe><div class=\"poster\" style=\"background-image: url(https:\/\/i.ytimg.com\/vi\/E-Ncp3682zE\/0.jpg);\"><\/div><\/div><\/div><\/div><\/div><div class=\"cruddy-row\"><div class=\"cruddy-col\" style=\"width: 33.333333333333%;\"><div class='cruddy-video'><div class='video'><iframe data-clicksrc=\"https:\/\/youtube.com\/embed\/co_q1xYOyVk?autoplay=1\" data-click-selector=\".poster\" title=\"Messefilm Wire&Tube D\u00fcsseldorf 2022 Otto Bihler \u2013 Komplettl\u00f6sung f\u00fcr elektrisierende Bauteile\" allowfullscreen><\/iframe><div class=\"poster\" style=\"background-image: url(https:\/\/i.ytimg.com\/vi\/co_q1xYOyVk\/0.jpg);\"><\/div><\/div><\/div><\/div><div class=\"cruddy-col\" style=\"width: 33.333333333333%;\"><div class='cruddy-video'><div class='video'><iframe data-clicksrc=\"https:\/\/youtube.com\/embed\/k568Hhgw0H8?autoplay=1\" data-click-selector=\".poster\" title=\"2022 - Animiertes 3D Corporate Logo - werbewirksame produktbezogene 3D Animation und Visualisierung\" allowfullscreen><\/iframe><div class=\"poster\" style=\"background-image: url(https:\/\/i.ytimg.com\/vi\/k568Hhgw0H8\/0.jpg);\"><\/div><\/div><\/div><\/div><div class=\"cruddy-col\" style=\"width: 33.333333333333%;\"><div class='cruddy-video'><div class='video'><iframe data-clicksrc=\"https:\/\/youtube.com\/embed\/PSn14DkWDwA?autoplay=1\" data-click-selector=\".poster\" title=\"Messefilm 2022 - Allgemeiner Messefilm IFFA Frankfurt mit neuem 3D Logo von plenamedia.tv - 2022\" allowfullscreen><\/iframe><div class=\"poster\" style=\"background-image: url(https:\/\/i.ytimg.com\/vi\/PSn14DkWDwA\/0.jpg);\"><\/div><\/div><\/div><\/div><\/div><div class=\"cruddy-row\"><div class=\"cruddy-col\" style=\"width: 33.333333333333%;\"><div class='cruddy-video'><div class='video'><iframe data-clicksrc=\"https:\/\/youtube.com\/embed\/lmfbyI04Iwc?autoplay=1\" data-click-selector=\".poster\" title=\"Messeinterview M.Schlumberger - Syntegon Technology 2022 - Anuga FoodTec Messefilm K\u00f6ln\" allowfullscreen><\/iframe><div class=\"poster\" style=\"background-image: url(https:\/\/i.ytimg.com\/vi\/lmfbyI04Iwc\/0.jpg);\"><\/div><\/div><\/div><\/div><div class=\"cruddy-col\" style=\"width: 33.333333333333%;\"><div class='cruddy-video'><div class='video'><iframe data-clicksrc=\"https:\/\/youtube.com\/embed\/EmoKEptaJM4?autoplay=1\" data-click-selector=\".poster\" title=\"IFFA 2022 \u2013 Messefilm Frey Maschinenbau IFFA 2022 \u2013 Hochwertige Kolben-und F\u00fcllmaschinen\" allowfullscreen><\/iframe><div class=\"poster\" style=\"background-image: url(https:\/\/i.ytimg.com\/vi\/EmoKEptaJM4\/0.jpg);\"><\/div><\/div><\/div><\/div><div class=\"cruddy-col\" style=\"width: 33.333333333333%;\"><div class='cruddy-video'><div class='video'><iframe data-clicksrc=\"https:\/\/youtube.com\/embed\/2TS5zy95Ib8?autoplay=1\" data-click-selector=\".poster\" title=\"Allgemeiner Messefilm Anuga FoodTec 2022 \u2013 Anuga FoodTec Messefilm K\u00f6ln 2022  \u2013 Messefilm K\u00f6ln\" allowfullscreen><\/iframe><div class=\"poster\" style=\"background-image: url(https:\/\/i.ytimg.com\/vi\/2TS5zy95Ib8\/0.jpg);\"><\/div><\/div><\/div><\/div><\/div><div class=\"cruddy-row\"><div class=\"cruddy-col\" style=\"width: 33.333333333333%;\"><div class='cruddy-video'><div class='video'><iframe data-clicksrc=\"https:\/\/youtube.com\/embed\/Db1q1b2vR7o?autoplay=1\" data-click-selector=\".poster\" title=\"Messefilm Chocolates Lacasa - Schokolade, Lacasitos, Conguitos und mehr - ISM K\u00f6ln 2022  - 4K Film\" allowfullscreen><\/iframe><div class=\"poster\" style=\"background-image: url(https:\/\/i.ytimg.com\/vi\/Db1q1b2vR7o\/0.jpg);\"><\/div><\/div><\/div><\/div><div class=\"cruddy-col\" style=\"width: 33.333333333333%;\"><div class='cruddy-video'><div class='video'><iframe data-clicksrc=\"https:\/\/youtube.com\/embed\/zwa1uRZgC54?autoplay=1\" data-click-selector=\".poster\" title=\"Fit und Abnehmen mit proteinreicher Milch  - Stay Strong Omira - Messe K\u00f6ln Messefilm Anuga 2021\" allowfullscreen><\/iframe><div class=\"poster\" style=\"background-image: url(https:\/\/i.ytimg.com\/vi\/zwa1uRZgC54\/0.jpg);\"><\/div><\/div><\/div><\/div><div class=\"cruddy-col\" style=\"width: 33.333333333333%;\"><div class='cruddy-video'><div class='video'><iframe data-clicksrc=\"https:\/\/youtube.com\/embed\/qZzbuZOtgs4?autoplay=1\" data-click-selector=\".poster\" title=\"AMI Messefilm Fachpack Messe N\u00fcrnberg - Komplettl\u00f6sungen f\u00fcr die F\u00f6rder- und Lagertechnik\" allowfullscreen><\/iframe><div class=\"poster\" style=\"background-image: url(https:\/\/i.ytimg.com\/vi\/qZzbuZOtgs4\/0.jpg);\"><\/div><\/div><\/div><\/div><\/div><div class=\"cruddy-row\"><div class=\"cruddy-col\" style=\"width: 33.333333333333%;\"><div class='cruddy-video'><div class='video'><iframe data-clicksrc=\"https:\/\/youtube.com\/embed\/eTqGr9DV7xk?autoplay=1\" data-click-selector=\".poster\" title=\"Messefilm Messe M\u00fcnchen Automatica Messe - Omron Messefilm Englisch - plenamedia.tv\" allowfullscreen><\/iframe><div class=\"poster\" style=\"background-image: url(https:\/\/i.ytimg.com\/vi\/eTqGr9DV7xk\/0.jpg);\"><\/div><\/div><\/div><\/div><div class=\"cruddy-col\" style=\"width: 33.333333333333%;\"><div class='cruddy-video'><div class='video'><iframe data-clicksrc=\"https:\/\/youtube.com\/embed\/kez7-Du7Oqk?autoplay=1\" data-click-selector=\".poster\" title=\"S\u00fcdpack Messefilm Fachpack Messe Nu\u0308rnberg\" allowfullscreen><\/iframe><div class=\"poster\" style=\"background-image: url(https:\/\/i.ytimg.com\/vi\/kez7-Du7Oqk\/0.jpg);\"><\/div><\/div><\/div><\/div><div class=\"cruddy-col\" style=\"width: 33.333333333333%;\"><div class='cruddy-video'><div class='video'><iframe data-clicksrc=\"https:\/\/youtube.com\/embed\/rvHaytP0XIM?autoplay=1\" data-click-selector=\".poster\" title=\"Fendt Wohnwagen Neuheiten - Messefilm Fendt Caravan Salon 2021 - Messe D\u00fcsseldorf Caravan Salon\" allowfullscreen><\/iframe><div class=\"poster\" style=\"background-image: url(https:\/\/i.ytimg.com\/vi\/rvHaytP0XIM\/0.jpg);\"><\/div><\/div><\/div><\/div><\/div><div class=\"cruddy-row\"><div class=\"cruddy-col\" style=\"width: 33.333333333333%;\"><div class='cruddy-video'><div class='video'><iframe data-clicksrc=\"https:\/\/youtube.com\/embed\/dCqlHCPRpl0?autoplay=1\" data-click-selector=\".poster\" title=\"Dentona Weltneuheiten - Messefilm IDS Messe Ko\u0308ln 2021\" allowfullscreen><\/iframe><div class=\"poster\" style=\"background-image: url(https:\/\/i.ytimg.com\/vi\/dCqlHCPRpl0\/0.jpg);\"><\/div><\/div><\/div><\/div><div class=\"cruddy-col\" style=\"width: 33.333333333333%;\"><div class='cruddy-video'><div class='video'><iframe data-clicksrc=\"https:\/\/youtube.com\/embed\/CicWyTG3Z6c?autoplay=1\" data-click-selector=\".poster\" title=\"Syntegon Fachpack Messe 2021 Interview CEO Englisch Messe N\u00fcrnberg\" allowfullscreen><\/iframe><div class=\"poster\" style=\"background-image: url(https:\/\/i.ytimg.com\/vi\/CicWyTG3Z6c\/0.jpg);\"><\/div><\/div><\/div><\/div><div class=\"cruddy-col\" style=\"width: 33.333333333333%;\"><div class='cruddy-video'><div class='video'><iframe data-clicksrc=\"https:\/\/youtube.com\/embed\/XY2YrRnCFjk?autoplay=1\" data-click-selector=\".poster\" title=\"Syntegon Messefilm Messe Fachpack 2021 Messe N\u00fcrnberg\" allowfullscreen><\/iframe><div class=\"poster\" style=\"background-image: url(https:\/\/i.ytimg.com\/vi\/XY2YrRnCFjk\/0.jpg);\"><\/div><\/div><\/div><\/div><\/div><div class=\"cruddy-row\"><div class=\"cruddy-col\" style=\"width: 33.333333333333%;\"><div class='cruddy-video'><div class='video'><iframe data-clicksrc=\"https:\/\/youtube.com\/embed\/5VIlYxQ9bVY?autoplay=1\" data-click-selector=\".poster\" title=\"Allgemeiner Messefilm Messe D\u00fcsseldorf drupa Messe 2016 - allgemeiner Messefilm drupa Messe 2016\" allowfullscreen><\/iframe><div class=\"poster\" style=\"background-image: url(https:\/\/i.ytimg.com\/vi\/5VIlYxQ9bVY\/0.jpg);\"><\/div><\/div><\/div><\/div><div class=\"cruddy-col\" style=\"width: 33.333333333333%;\"><div class='cruddy-video'><div class='video'><iframe data-clicksrc=\"https:\/\/youtube.com\/embed\/QflgKP1JmO4?autoplay=1\" data-click-selector=\".poster\" title=\"Allgemeiner Messefilm Interzum K\u00f6ln deutsch 2019\" allowfullscreen><\/iframe><div class=\"poster\" style=\"background-image: url(https:\/\/i.ytimg.com\/vi\/QflgKP1JmO4\/0.jpg);\"><\/div><\/div><\/div><\/div><div class=\"cruddy-col\" style=\"width: 33.333333333333%;\"><div class='cruddy-video'><div class='video'><iframe data-clicksrc=\"https:\/\/youtube.com\/embed\/WzdJEP16b3M?autoplay=1\" data-click-selector=\".poster\" title=\"Allgemeiner Messefilm Messe D\u00fcsseldorf A+A Messe  - allgemeiner Messefilm plenamedia.tv\" allowfullscreen><\/iframe><div class=\"poster\" style=\"background-image: url(https:\/\/i.ytimg.com\/vi\/WzdJEP16b3M\/0.jpg);\"><\/div><\/div><\/div><\/div><\/div><div class=\"cruddy-row\"><div class=\"cruddy-col\" style=\"width: 33.333333333333%;\"><div class='cruddy-video'><div class='video'><iframe data-clicksrc=\"https:\/\/youtube.com\/embed\/FgHrGMSbkBc?autoplay=1\" data-click-selector=\".poster\" title=\"European Aluminium Congress 2019 - GDA Kongressfilm - plenamedia.tv\" allowfullscreen><\/iframe><div class=\"poster\" style=\"background-image: url(https:\/\/i.ytimg.com\/vi\/FgHrGMSbkBc\/0.jpg);\"><\/div><\/div><\/div><\/div><div class=\"cruddy-col\" style=\"width: 33.333333333333%;\"><div class='cruddy-video'><div class='video'><iframe data-clicksrc=\"https:\/\/youtube.com\/embed\/9KHZGrKZ-28?autoplay=1\" data-click-selector=\".poster\" title=\"Hannover Messe 2019 - Omron Interview - Bruno Adam - plenamedia.tv\" allowfullscreen><\/iframe><div class=\"poster\" style=\"background-image: url(https:\/\/i.ytimg.com\/vi\/9KHZGrKZ-28\/0.jpg);\"><\/div><\/div><\/div><\/div><div class=\"cruddy-col\" style=\"width: 33.333333333333%;\"><div class='cruddy-video'><div class='video'><iframe data-clicksrc=\"https:\/\/youtube.com\/embed\/1c1TOQPZ2LE?autoplay=1\" data-click-selector=\".poster\" title=\"Messefilm Messe Frankfurt Messe IFFA 2019 - Handtmann Messefilm Messe IFFA 2019 - plenamedia.tv\" allowfullscreen><\/iframe><div class=\"poster\" style=\"background-image: url(https:\/\/i.ytimg.com\/vi\/1c1TOQPZ2LE\/0.jpg);\"><\/div><\/div><\/div><\/div><\/div><div class=\"cruddy-row\"><div class=\"cruddy-col\" style=\"width: 33.333333333333%;\"><div class='cruddy-video'><div class='video'><iframe data-clicksrc=\"https:\/\/youtube.com\/embed\/fAC1aPJi_ww?autoplay=1\" data-click-selector=\".poster\" title=\"Messefilm IMM Messe K\u00f6ln 2020 - ADA Messefilm 2020 IMM Messe K\u00f6ln - plenamedia.tv\" allowfullscreen><\/iframe><div class=\"poster\" style=\"background-image: url(https:\/\/i.ytimg.com\/vi\/fAC1aPJi_ww\/0.jpg);\"><\/div><\/div><\/div><\/div><div class=\"cruddy-col\" style=\"width: 33.333333333333%;\"><div class='cruddy-video'><div class='video'><iframe data-clicksrc=\"https:\/\/youtube.com\/embed\/-Z8Kz27rf80?autoplay=1\" data-click-selector=\".poster\" title=\"Messefilm Messe D\u00fcsseldorf GIFA Messe - GTP Sch\u00e4fer Messefilm GIFA Messe 2019  - plenamedia.tv\" allowfullscreen><\/iframe><div class=\"poster\" style=\"background-image: url(https:\/\/i.ytimg.com\/vi\/-Z8Kz27rf80\/0.jpg);\"><\/div><\/div><\/div><\/div><div class=\"cruddy-col\" style=\"width: 33.333333333333%;\"><\/div><\/div>\r\n<\/div><\/div><\/div><\/div><\/div><\/div><\/div>\t<\/div>\r\n<\/div><\/div><\/div><\/div><\/div><\/div><div id=\"pg-18196-1\"  class=\"panel-grid panel-has-style\" ><div class=\"panel-row-style panel-row-style-for-18196-1\" ><div id=\"pgc-18196-1-0\"  class=\"panel-grid-cell\" ><div id=\"panel-18196-1-0-0\" class=\"so-panel widget widget_cruddy-area-sow panel-first-child panel-last-child\" data-index=\"1\" ><div\n\t\t\t\n\t\t\tclass=\"so-widget-cruddy-area-sow so-widget-cruddy-area-sow-base\"\n\t\t\t\n\t\t>\r\n<div class=\"cruddy-area\">\r\n\t<div class=\"cruddy-area-content\" style=\"max-width: 1180px\">\r\n\t\t<div id=\"pl-wed6ae909\"  class=\"panel-layout\" ><div id=\"pg-wed6ae909-0\"  class=\"panel-grid panel-no-style\" ><div id=\"pgc-wed6ae909-0-0\"  class=\"panel-grid-cell\" ><div id=\"panel-wed6ae909-0-0-0\" class=\"so-panel widget widget_cruddy-heading-sow panel-first-child\" data-index=\"0\" ><div class=\"panel-widget-style panel-widget-style-for-wed6ae909-0-0-0\" ><div\n\t\t\t\n\t\t\tclass=\"so-widget-cruddy-heading-sow so-widget-cruddy-heading-sow-cruddy-heading-dd94992e1610\"\n\t\t\t\n\t\t><div class=\"cruddy-heading h3\"><h3 class='heading'>LE FILM SUR SALON EST UNE VID\u00c9O AVEC DES PLANS R\u00c9ELS<\/h3><\/div>\n<\/div><\/div><\/div><div id=\"panel-wed6ae909-0-0-1\" class=\"so-panel widget widget_sow-editor panel-last-child\" data-index=\"1\" ><div class=\"panel-widget-style panel-widget-style-for-wed6ae909-0-0-1\" ><div\n\t\t\t\n\t\t\tclass=\"so-widget-sow-editor so-widget-sow-editor-base\"\n\t\t\t\n\t\t>\n<div class=\"siteorigin-widget-tinymce textwidget\">\n\t<p>En outre, afin d\u2019accro\u00eetre l\u2019attention port\u00e9e \u00e0 votre produit ou \u00e0 votre entreprise, il est possible d\u2019int\u00e9grer un logo audio anim\u00e9 ou des animations 3D. En se concentrant sur l\u2019essentiel, les avantages de votre entreprise et de ses produits sont parfaitement pr\u00e9sent\u00e9s, mis en images et accompagn\u00e9s de musique libre de droits.<\/p>\n<p>Le film sur salon a plusieurs utilisations possibles : Pour am\u00e9liorer votre pr\u00e9sentation sur un salon, pour le marketing lors d\u2019expositions internes, pour la participation \u00e0 des congr\u00e8s, des formations ou sur le site Web. \u00c9galement comme base pour la production d\u2019une invitation virtuelle pour les prochains salons. Le film sur salon comme film de produit ou avec des \u00e9l\u00e9ments d\u2019animation 3D est le moyen id\u00e9al pour pr\u00e9senter parfaitement votre entreprise et vos produits.<\/p>\n<p>Le film sur salon est une vid\u00e9o tourn\u00e9e avec des plans r\u00e9el pendant le salon : les interventions importantes des leaders d\u2019opinion pendant le salon ou les pr\u00e9sentations en direct sur votre stand sont enregistr\u00e9es sur vid\u00e9o puis peuvent \u00eatre pr\u00e9sent\u00e9es sur le stand du salon le jour suivant si cela a \u00e9t\u00e9 convenu \u00e0 l\u2019avance. Les vid\u00e9os de ces \u00e9v\u00e9nements sont ainsi accessibles \u00e0 votre public professionnel pour une dur\u00e9e illimit\u00e9e et resteront toujours pr\u00e9sentes.<br \/>\nComme votre film sur salon peut \u00eatre produit de mani\u00e8re totalement diff\u00e9rente en termes de style, de dur\u00e9e du film et d\u2019enregistrement des interviews, la dur\u00e9e du tournage sur le stand du salon et les co\u00fbts de votre film sur salon varient naturellement en cons\u00e9quence.<\/p>\n<p>Contactez-nous si vous souhaitez un film sur salon\u00a0: plenamedia.tv vous soutiendra sur le plan conceptuel, cr\u00e9era pour vous le story-board et g\u00e8rera la post-production jusqu\u2019\u00e0 fournir le film fini.<br \/>\nLe film sur salon avec la pr\u00e9sentation de votre stand est un excellent outil de marketing\u00a0: d\u00e8s maintenant et pour le prochain salon.<br \/>\nplenamedia.tv\u00a0: Services de haute qualit\u00e9 garantis en Rh\u00e9nanie du Nord-Westphalie, Cologne, D\u00fcsseldorf, Dortmund, Bonn, Leverkusen, M\u00f6nchengladbach, Aix-la-Chapelle, M\u00fcnster, Bochum, Siegen, Wuppertal, Allemagne et Europe.<\/p>\n<\/div>\n<\/div><\/div><\/div><\/div><\/div><\/div>\t<\/div>\r\n<\/div><\/div><\/div><\/div><\/div><\/div><\/div>","protected":false},"featured_media":3957,"template":"","class_list":["post-18196","filmproduktion","type-filmproduktion","status-publish","has-post-thumbnail","hentry"],"acf":[],"yoast_head":"<!-- This site is optimized with the Yoast SEO plugin v27.5 - https:\/\/yoast.com\/product\/yoast-seo-wordpress\/ -->\n<title>Film sur salon et congr\u00e8s - plenamedia.tv<\/title>\n<meta name=\"robots\" content=\"index, follow, max-snippet:-1, max-image-preview:large, max-video-preview:-1\" \/>\n<link rel=\"canonical\" href=\"https:\/\/plenamedia.tv\/fr\/filmproduktion\/messe-und-kongressfilm\/\" \/>\n<meta property=\"og:locale\" content=\"fr_FR\" \/>\n<meta property=\"og:type\" content=\"article\" \/>\n<meta property=\"og:title\" content=\"Film sur salon et congr\u00e8s - plenamedia.tv\" \/>\n<meta property=\"og:description\" content=\"LE FILM SUR SALON EST UNE VID\u00c9O AVEC DES PLANS R\u00c9ELS En outre, afin d\u2019accro\u00eetre l\u2019attention port\u00e9e \u00e0 votre produit ou \u00e0 votre entreprise, il est possible d\u2019int\u00e9grer un logo audio anim\u00e9 ou des animations 3D. En se concentrant sur l\u2019essentiel, les avantages de votre entreprise et de ses produits sont parfaitement pr\u00e9sent\u00e9s, mis en [&hellip;]\" \/>\n<meta property=\"og:url\" content=\"https:\/\/plenamedia.tv\/fr\/filmproduktion\/messe-und-kongressfilm\/\" \/>\n<meta property=\"og:site_name\" content=\"plenamedia.tv\" \/>\n<meta property=\"article:publisher\" content=\"https:\/\/www.facebook.com\/plenamediatv\/\" \/>\n<meta property=\"article:modified_time\" content=\"2024-05-23T09:55:11+00:00\" \/>\n<meta property=\"og:image\" content=\"https:\/\/plenamedia.tv\/wp-content\/uploads\/2021\/01\/messefilm.webp\" \/>\n\t<meta property=\"og:image:width\" content=\"1920\" \/>\n\t<meta property=\"og:image:height\" content=\"1440\" \/>\n\t<meta property=\"og:image:type\" content=\"image\/webp\" \/>\n<meta name=\"twitter:card\" content=\"summary_large_image\" \/>\n<meta name=\"twitter:label1\" content=\"Dur\u00e9e de lecture estim\u00e9e\" \/>\n\t<meta name=\"twitter:data1\" content=\"3 minutes\" \/>\n<!-- \/ Yoast SEO plugin. -->","yoast_head_json":{"title":"Film sur salon et congr\u00e8s - plenamedia.tv","robots":{"index":"index","follow":"follow","max-snippet":"max-snippet:-1","max-image-preview":"max-image-preview:large","max-video-preview":"max-video-preview:-1"},"canonical":"https:\/\/plenamedia.tv\/fr\/filmproduktion\/messe-und-kongressfilm\/","og_locale":"fr_FR","og_type":"article","og_title":"Film sur salon et congr\u00e8s - plenamedia.tv","og_description":"LE FILM SUR SALON EST UNE VID\u00c9O AVEC DES PLANS R\u00c9ELS En outre, afin d\u2019accro\u00eetre l\u2019attention port\u00e9e \u00e0 votre produit ou \u00e0 votre entreprise, il est possible d\u2019int\u00e9grer un logo audio anim\u00e9 ou des animations 3D. En se concentrant sur l\u2019essentiel, les avantages de votre entreprise et de ses produits sont parfaitement pr\u00e9sent\u00e9s, mis en [&hellip;]","og_url":"https:\/\/plenamedia.tv\/fr\/filmproduktion\/messe-und-kongressfilm\/","og_site_name":"plenamedia.tv","article_publisher":"https:\/\/www.facebook.com\/plenamediatv\/","article_modified_time":"2024-05-23T09:55:11+00:00","og_image":[{"width":1920,"height":1440,"url":"https:\/\/plenamedia.tv\/wp-content\/uploads\/2021\/01\/messefilm.webp","type":"image\/webp"}],"twitter_card":"summary_large_image","twitter_misc":{"Dur\u00e9e de lecture estim\u00e9e":"3 minutes"},"schema":{"@context":"https:\/\/schema.org","@graph":[{"@type":"WebPage","@id":"https:\/\/plenamedia.tv\/fr\/filmproduktion\/messe-und-kongressfilm\/","url":"https:\/\/plenamedia.tv\/fr\/filmproduktion\/messe-und-kongressfilm\/","name":"Film sur salon et congr\u00e8s - plenamedia.tv","isPartOf":{"@id":"https:\/\/plenamedia.tv\/fr\/#website"},"primaryImageOfPage":{"@id":"https:\/\/plenamedia.tv\/fr\/filmproduktion\/messe-und-kongressfilm\/#primaryimage"},"image":{"@id":"https:\/\/plenamedia.tv\/fr\/filmproduktion\/messe-und-kongressfilm\/#primaryimage"},"thumbnailUrl":"https:\/\/plenamedia.tv\/wp-content\/uploads\/2021\/01\/messefilm.webp","datePublished":"2024-02-13T11:47:43+00:00","dateModified":"2024-05-23T09:55:11+00:00","breadcrumb":{"@id":"https:\/\/plenamedia.tv\/fr\/filmproduktion\/messe-und-kongressfilm\/#breadcrumb"},"inLanguage":"fr-FR","potentialAction":[{"@type":"ReadAction","target":["https:\/\/plenamedia.tv\/fr\/filmproduktion\/messe-und-kongressfilm\/"]}]},{"@type":"ImageObject","inLanguage":"fr-FR","@id":"https:\/\/plenamedia.tv\/fr\/filmproduktion\/messe-und-kongressfilm\/#primaryimage","url":"https:\/\/plenamedia.tv\/wp-content\/uploads\/2021\/01\/messefilm.webp","contentUrl":"https:\/\/plenamedia.tv\/wp-content\/uploads\/2021\/01\/messefilm.webp","width":1920,"height":1440},{"@type":"BreadcrumbList","@id":"https:\/\/plenamedia.tv\/fr\/filmproduktion\/messe-und-kongressfilm\/#breadcrumb","itemListElement":[{"@type":"ListItem","position":1,"name":"Startseite","item":"https:\/\/plenamedia.tv\/fr\/"},{"@type":"ListItem","position":2,"name":"Filmproduktionen","item":"https:\/\/plenamedia.tv\/fr\/filmproduktion\/"},{"@type":"ListItem","position":3,"name":"Film sur salon et congr\u00e8s"}]},{"@type":"WebSite","@id":"https:\/\/plenamedia.tv\/fr\/#website","url":"https:\/\/plenamedia.tv\/fr\/","name":"plenamedia.tv","description":"Filmproduktion, Imagefilme, Messefilme","potentialAction":[{"@type":"SearchAction","target":{"@type":"EntryPoint","urlTemplate":"https:\/\/plenamedia.tv\/fr\/?s={search_term_string}"},"query-input":{"@type":"PropertyValueSpecification","valueRequired":true,"valueName":"search_term_string"}}],"inLanguage":"fr-FR"}]}},"_links":{"self":[{"href":"https:\/\/plenamedia.tv\/fr\/wp-json\/wp\/v2\/filmproduktion\/18196","targetHints":{"allow":["GET"]}}],"collection":[{"href":"https:\/\/plenamedia.tv\/fr\/wp-json\/wp\/v2\/filmproduktion"}],"about":[{"href":"https:\/\/plenamedia.tv\/fr\/wp-json\/wp\/v2\/types\/filmproduktion"}],"wp:featuredmedia":[{"embeddable":true,"href":"https:\/\/plenamedia.tv\/fr\/wp-json\/wp\/v2\/media\/3957"}],"wp:attachment":[{"href":"https:\/\/plenamedia.tv\/fr\/wp-json\/wp\/v2\/media?parent=18196"}],"curies":[{"name":"wp","href":"https:\/\/api.w.org\/{rel}","templated":true}]}}